{"id":231,"date":"2020-01-17T19:38:02","date_gmt":"2020-01-17T17:38:02","guid":{"rendered":"https:\/\/turunsarjakuvaseura.fi\/wordpress\/?post_type=featured-content&#038;p=231"},"modified":"2020-04-24T13:54:49","modified_gmt":"2020-04-24T10:54:49","slug":"koti-ikava","status":"publish","type":"featured-content","link":"https:\/\/turunsarjakuvaseura.fi\/wordpress\/en\/featured-content\/koti-ikava\/","title":{"rendered":"Antologia 2016: Koti-ik\u00e4v\u00e4"},"content":{"rendered":"\n<div class=\"wp-block-image\"><figure class=\"alignright\"><a href=\"https:\/\/turunsarjakuvaseura.fi\/wordpress\/wp-content\/uploads\/2020\/01\/Koti-ikava-kansi.jpg\"><img loading=\"lazy\" decoding=\"async\" width=\"213\" height=\"300\" src=\"https:\/\/turunsarjakuvaseura.fi\/wordpress\/wp-content\/uploads\/2020\/01\/Koti-ikava-kansi-213x300.jpg\" alt=\"\" class=\"wp-image-232\" srcset=\"https:\/\/turunsarjakuvaseura.fi\/wordpress\/wp-content\/uploads\/2020\/01\/Koti-ikava-kansi-213x300.jpg 213w, https:\/\/turunsarjakuvaseura.fi\/wordpress\/wp-content\/uploads\/2020\/01\/Koti-ikava-kansi.jpg 671w\" sizes=\"auto, (max-width: 213px) 100vw, 213px\" \/><\/a><\/figure><\/div>\n\n\n\n<p>Turun Sarjakuvakerho halusi selvitt\u00e4\u00e4, mit\u00e4 ajatuksia ja tunteita teema koti-ik\u00e4v\u00e4 saa esiin suomalaisissa sarjakuvapiirt\u00e4jiss\u00e4 aikana, jona tuhannet ihmiset joutuvat l\u00e4htem\u00e4\u00e4n kodeistaan ja suuntaamaan kohti tuntematonta. Vuoden 2016 antologia Koti-ik\u00e4v\u00e4 sis\u00e4lt\u00e4\u00e4 eri pituisia tarinoita lempe\u00e4n kauniista kaihosta, ruman rajusta ik\u00e4v\u00e4st\u00e4 sek\u00e4 kaipauksen luonteesta filosofisella ja hauskalla otteella.<br>\u00c5bo serief\u00f6rening ville unders\u00f6ka vilka k\u00e4nslor och reflektioner temat heml\u00e4ngtan kan locka fram hos v\u00e5ra finska serieskapare. I en tid d\u00e5 tusentals m\u00e4nniskor tvingas l\u00e4mna sina hus och hem och f\u00e4rdas mot ett ok\u00e4nt m\u00e5l. 2016 \u00e5rs antologi Heml\u00e4ngtan inneh\u00e5ller olika l\u00e5nga episoder. Om ljuvligt vacker l\u00e4ngtan, om r\u00e5 och vild l\u00e4ngtan och om l\u00e4ngtans inneboende natur sett ur ett filosofiskt eller humoristiskt perspektiv. V\u00e4lkommen in i en v\u00e4rld av l\u00e4ngtan \u2013 men var inte r\u00e4dd!<br>Tekij\u00e4t:&nbsp;Sami Aartti,&nbsp;Sara Ahola,&nbsp;Antti Anttila,&nbsp;Timo Hainimo,&nbsp;Emma Heinonen,&nbsp;Sarah Heittola,&nbsp;Pauli Hirtolahti,&nbsp;Joakim J\u00e4rnstr\u00f6m,&nbsp;Rosa Karhap\u00e4\u00e4,&nbsp;Jarno Korhonen,&nbsp;Karoliina Kuisma,&nbsp;Leo Kuikka,&nbsp;Sade Lahti,&nbsp;Sirkku Lahti,&nbsp;Mika Lietz\u00e9n,&nbsp;Nikke Lindholm,&nbsp;Veli Loponen,&nbsp;Pekka Mentunen,&nbsp;Mika Mets\u00e4t\u00e4hti,&nbsp;Nam-Ke, Leena Pylkk\u00f6,&nbsp;Elisa Ruuhij\u00e4rvi,&nbsp;Tiia Salmelin,&nbsp;Mikael Salo,&nbsp;Jatta Severinkangas,&nbsp;Juho Sihvonen,&nbsp;Iina Sofia,&nbsp;Valtteri Tavast,&nbsp;Miia Vistil\u00e4 ja Vesa Vitikainen <\/p>\n","protected":false},"excerpt":{"rendered":"<p>Turun Sarjakuvakerho halusi selvitt\u00e4\u00e4, mit\u00e4 ajatuksia ja tunteita teema koti-ik\u00e4v\u00e4 saa esiin suomalaisissa sarjakuvapiirt\u00e4jiss\u00e4 aikana, jona tuhannet ihmiset joutuvat l\u00e4htem\u00e4\u00e4n kodeistaan ja suuntaamaan kohti tuntematonta. &hellip; <span class=\"more-button\"><a href=\"https:\/\/turunsarjakuvaseura.fi\/wordpress\/en\/featured-content\/koti-ikava\/\" class=\"more-link\">Lue lis\u00e4\u00e4<span class=\"screen-reader-text\">Antologia 2016: Koti-ik\u00e4v\u00e4<\/span><\/a><\/span><\/p>\n","protected":false},"author":1,"featured_media":328,"comment_status":"closed","ping_status":"closed","template":"","featured-content-type":[8],"featured-content-tag":[],"class_list":["post-231","featured-content","type-featured-content","status-publish","has-post-thumbnail","hentry","featured-content-type-julkaisut"],"_links":{"self":[{"href":"https:\/\/turunsarjakuvaseura.fi\/wordpress\/en\/wp-json\/wp\/v2\/featured-content\/231","targetHints":{"allow":["GET"]}}],"collection":[{"href":"https:\/\/turunsarjakuvaseura.fi\/wordpress\/en\/wp-json\/wp\/v2\/featured-content"}],"about":[{"href":"https:\/\/turunsarjakuvaseura.fi\/wordpress\/en\/wp-json\/wp\/v2\/types\/featured-content"}],"author":[{"embeddable":true,"href":"https:\/\/turunsarjakuvaseura.fi\/wordpress\/en\/wp-json\/wp\/v2\/users\/1"}],"replies":[{"embeddable":true,"href":"https:\/\/turunsarjakuvaseura.fi\/wordpress\/en\/wp-json\/wp\/v2\/comments?post=231"}],"wp:featuredmedia":[{"embeddable":true,"href":"https:\/\/turunsarjakuvaseura.fi\/wordpress\/en\/wp-json\/wp\/v2\/media\/328"}],"wp:attachment":[{"href":"https:\/\/turunsarjakuvaseura.fi\/wordpress\/en\/wp-json\/wp\/v2\/media?parent=231"}],"wp:term":[{"taxonomy":"featured-content-type","embeddable":true,"href":"https:\/\/turunsarjakuvaseura.fi\/wordpress\/en\/wp-json\/wp\/v2\/featured-content-type?post=231"},{"taxonomy":"featured-content-tag","embeddable":true,"href":"https:\/\/turunsarjakuvaseura.fi\/wordpress\/en\/wp-json\/wp\/v2\/featured-content-tag?post=231"}],"curies":[{"name":"wp","href":"https:\/\/api.w.org\/{rel}","templated":true}]}}